{"id":27176,"date":"2014-07-17T11:14:33","date_gmt":"2014-07-17T09:14:33","guid":{"rendered":"http:\/\/demo.pancevo.rs\/?page_id=27176&#038;lang=en"},"modified":"2023-05-15T11:29:12","modified_gmt":"2023-05-15T09:29:12","slug":"about-pancevo","status":"publish","type":"page","link":"https:\/\/www.pancevo.rs\/en\/","title":{"rendered":"About Pancevo"},"content":{"rendered":"<p style=\"text-align: left;\"><div class=\"fusion-fullwidth fullwidth-box fusion-builder-row-1 hundred-percent-fullwidth non-hundred-percent-height-scrolling\" style=\"--awb-border-radius-top-left:0px;--awb-border-radius-top-right:0px;--awb-border-radius-bottom-right:0px;--awb-border-radius-bottom-left:0px;--awb-overflow:visible;--awb-flex-wrap:wrap;\" ><div class=\"fusion-builder-row fusion-row\"><div class=\"fusion-layout-column fusion_builder_column fusion-builder-column-0 fusion_builder_column_3_4 3_4 fusion-three-fourth fusion-column-first\" style=\"--awb-bg-size:cover;width:75%;width:calc(75% - ( ( 4% ) * 0.75 ) );margin-right: 4%;\"><div class=\"fusion-column-wrapper fusion-flex-column-wrapper-legacy\"><div class=\"fusion-title title fusion-title-1 fusion-title-text fusion-title-size-two\"><h2 class=\"fusion-title-heading title-heading-left\" style=\"margin:0;\">About Pancevo<\/h2><span class=\"awb-title-spacer\"><\/span><div class=\"title-sep-container\"><div class=\"title-sep sep-double sep-solid\" style=\"border-color:#e0dede;\"><\/div><\/div><\/div>\n<p style=\"text-align: justify;\">The City of Pan\u010devo is located in South Vojvodina, at the confluence of the Tami\u0161 and the Danube rivers, at the very edge of the Panonian Plain.<\/p>\n<p style=\"text-align: justify;\">It is the economic, cultural and administrative centre of South Banat and one of the most important industrial centres in the Republic of Serbia.<\/p>\n<p style=\"text-align: justify;\">Including its 9 surrounding villages, the city area covers 756 km2.<\/p>\n<p style=\"text-align: justify;\">Pan\u010devo is just\u00a018 km away from Belgrade and 40 km away form the Nikola Tesla International Airport.<\/p>\n<p style=\"text-align: justify;\">Its ethnically diverse population numbers 123,414 of which majority are Serb. 67% of them are working-age population and 10% are with college or university education which is well over the Republic average.<\/p>\n<p style=\"text-align: justify;\">The climate is exceptionally agreeable with the annual average of 12\u00baC.<\/p>\n<p style=\"text-align: justify;\">Agricultural land surface area: 53,187 ha.<\/p>\n<p style=\"text-align: left;\"><div class=\"fusion-video fusion-youtube\" style=\"--awb-max-width:800px;--awb-max-height:600px;\"><div class=\"video-shortcode\"><div class=\"fluid-width-video-wrapper\" style=\"padding-top:75%;\" ><iframe title=\"YouTube video player 1\" src=\"https:\/\/www.youtube.com\/embed\/fG5wL97TYrw?wmode=transparent&autoplay=0\" width=\"800\" height=\"600\" allowfullscreen allow=\"autoplay; clipboard-write; encrypted-media; gyroscope; picture-in-picture;\"><\/iframe><\/div><\/div><\/div>\n<p style=\"text-align: left;\"><div class=\"fusion-title title fusion-title-2 fusion-title-text fusion-title-size-one\"><h1 class=\"fusion-title-heading title-heading-left\" style=\"margin:0;\">News<\/h1><span class=\"awb-title-spacer\"><\/span><div class=\"title-sep-container\"><div class=\"title-sep sep-double sep-solid\" style=\"border-color:#e0dede;\"><\/div><\/div><\/div>\n<p style=\"text-align: left;\"><div class=\"fusion-blog-shortcode fusion-blog-shortcode-1 fusion-blog-archive fusion-blog-layout-medium-alternate fusion-blog-pagination\"><div class=\"fusion-posts-container fusion-posts-container-pagination fusion-no-meta-info fusion-blog-rollover\" data-pages=\"2\"><article id=\"blog-1-post-106119\" class=\"fusion-post-medium-alternate post-106119 post type-post status-publish format-standard has-post-thumbnail hentry category-news\">\n<div class=\"fusion-date-and-formats\"><div class=\"fusion-date-box updated\"><span class=\"fusion-date\">29<\/span><span class=\"fusion-month-year\">10, 2021<\/span><\/div><div class=\"fusion-format-box\"><i class=\"awb-icon-pen\" aria-hidden=\"true\"><\/i><\/div><\/div>\t<style type=\"text\/css\">\n\t\t\n\t\t\n\t\t\n\t\t\n\t\t\t<\/style>\n\n\n\t\t\t<div class=\"fusion-flexslider flexslider fusion-flexslider-loading fusion-post-slideshow\" style=\"\">\n\t\t<ul class=\"slides\">\n\t\t\t\n\t\t\t\t\t\t\t\t\t\t\t\t\t\t<li><div  class=\"fusion-image-wrapper fusion-image-size-fixed\" aria-haspopup=\"true\">\n\t\t\t\t<img decoding=\"async\" width=\"320\" height=\"202\" src=\"https:\/\/www.pancevo.rs\/sadrzaj\/uploads\/2021\/10\/1634211069-Vucic-Brose-1200x800-1-320x202.jpg\" class=\"attachment-blog-medium size-blog-medium wp-post-image\" alt=\"\u0411\u0440\u043e\u0441\u0435 \u0443 \u041f\u0430\u043d\u0447\u0435\u0432\u0443\" srcset=\"https:\/\/www.pancevo.rs\/sadrzaj\/uploads\/2021\/10\/1634211069-Vucic-Brose-1200x800-1-320x202.jpg 320w, https:\/\/www.pancevo.rs\/sadrzaj\/uploads\/2021\/10\/1634211069-Vucic-Brose-1200x800-1-700x441.jpg 700w\" sizes=\"(max-width: 320px) 100vw, 320px\" \/><div class=\"fusion-rollover\">\n\t<div class=\"fusion-rollover-content\">\n\n\t\t\t\t\t\t\t\t\t\t\t\t\t\t<a class=\"fusion-rollover-link\" href=\"https:\/\/www.pancevo.rs\/en\/news\/brose-starts-production-and-rd-activities-in-pancevo\/\">BROSE STARTS PRODUCTION AND R&#038;D ACTIVITIES IN PAN\u010cEVO<\/a>\n\t\t\t\n\t\t\t\t\t\t\t\t\n\t\t\n\t\t\t\t\t\t\t\t\t\t\t\t<h4 class=\"fusion-rollover-title\">\n\t\t\t\t\t<a class=\"fusion-rollover-title-link\" href=\"https:\/\/www.pancevo.rs\/en\/news\/brose-starts-production-and-rd-activities-in-pancevo\/\">\n\t\t\t\t\t\tBROSE STARTS PRODUCTION AND R&#038;D ACTIVITIES IN PAN\u010cEVO\t\t\t\t\t<\/a>\n\t\t\t\t<\/h4>\n\t\t\t\n\t\t\t\t\t\t\t\t\n\t\t\n\t\t\t\t\t\t<a class=\"fusion-link-wrapper\" href=\"https:\/\/www.pancevo.rs\/en\/news\/brose-starts-production-and-rd-activities-in-pancevo\/\" aria-label=\"BROSE STARTS PRODUCTION AND R&#038;D ACTIVITIES IN PAN\u010cEVO\"><\/a>\n\t<\/div>\n<\/div>\n<\/div>\n<\/li>\n\t\t\t\n\t\t\t\n\t\t\t\t\t\t\t\t\t\t\t\t\t\t\t\t\t\t\t\t\t\t\t\t\t\t\t\t\t\t\t\t\t\t\t\t\t\t\t\t\t\t\t\t\t\t\t\t\t\t\t\t\t\t\t\t\t\t\t\t\t\t\t\t\t\t\t\t<\/ul>\n\t<\/div>\n\t<div class=\"fusion-post-content post-content\"><h2 class=\"blog-shortcode-post-title entry-title\"><a href=\"https:\/\/www.pancevo.rs\/en\/news\/brose-starts-production-and-rd-activities-in-pancevo\/\">BROSE STARTS PRODUCTION AND R&#038;D ACTIVITIES IN PAN\u010cEVO<\/a><\/h2><div class=\"fusion-post-content-container\"><p>BROSE STARTS PRODUCTION AND R&amp;D ACTIVITIES IN PAN\u010cEVO Photo: Tanjug\/ Milo\u0161 Milivojevi\u0107 On October 14, President of the Republic of Serbia, Aleksandar Vu\u010di\u0107, and the company officials have visited <\/p><\/div><\/div><div class=\"fusion-clearfix\"><\/div><\/article>\n<article id=\"blog-1-post-83820\" class=\"fusion-post-medium-alternate post-83820 post type-post status-publish format-standard has-post-thumbnail hentry category-news\">\n<div class=\"fusion-date-and-formats\"><div class=\"fusion-date-box updated\"><span class=\"fusion-date\">16<\/span><span class=\"fusion-month-year\">03, 2020<\/span><\/div><div class=\"fusion-format-box\"><i class=\"awb-icon-pen\" aria-hidden=\"true\"><\/i><\/div><\/div>\t<style type=\"text\/css\">\n\t\t\n\t\t\n\t\t\n\t\t\n\t\t\t<\/style>\n\n\n\t\t\t<div class=\"fusion-flexslider flexslider fusion-flexslider-loading fusion-post-slideshow\" style=\"\">\n\t\t<ul class=\"slides\">\n\t\t\t\n\t\t\t\t\t\t\t\t\t\t\t\t\t\t<li><div  class=\"fusion-image-wrapper fusion-image-size-fixed\" aria-haspopup=\"true\">\n\t\t\t\t<img decoding=\"async\" width=\"320\" height=\"202\" src=\"https:\/\/www.pancevo.rs\/sadrzaj\/uploads\/2020\/03\/GNPH1457-320x202.jpg\" class=\"attachment-blog-medium size-blog-medium wp-post-image\" alt=\"\" srcset=\"https:\/\/www.pancevo.rs\/sadrzaj\/uploads\/2020\/03\/GNPH1457-320x202.jpg 320w, https:\/\/www.pancevo.rs\/sadrzaj\/uploads\/2020\/03\/GNPH1457-700x441.jpg 700w\" sizes=\"(max-width: 320px) 100vw, 320px\" \/><div class=\"fusion-rollover\">\n\t<div class=\"fusion-rollover-content\">\n\n\t\t\t\t\t\t\t\t\t\t\t\t\t\t<a class=\"fusion-rollover-link\" href=\"https:\/\/www.pancevo.rs\/en\/news\/brose-foundation-stone-ceremony-for-a-factory-complex-in-pancevo\/\">BROSE Foundation Stone Ceremony for a\u00a0 factory complex in Pan\u010devo<\/a>\n\t\t\t\n\t\t\t\t\t\t\t\t\n\t\t\n\t\t\t\t\t\t\t\t\t\t\t\t<h4 class=\"fusion-rollover-title\">\n\t\t\t\t\t<a class=\"fusion-rollover-title-link\" href=\"https:\/\/www.pancevo.rs\/en\/news\/brose-foundation-stone-ceremony-for-a-factory-complex-in-pancevo\/\">\n\t\t\t\t\t\tBROSE Foundation Stone Ceremony for a\u00a0 factory complex in Pan\u010devo\t\t\t\t\t<\/a>\n\t\t\t\t<\/h4>\n\t\t\t\n\t\t\t\t\t\t\t\t\n\t\t\n\t\t\t\t\t\t<a class=\"fusion-link-wrapper\" href=\"https:\/\/www.pancevo.rs\/en\/news\/brose-foundation-stone-ceremony-for-a-factory-complex-in-pancevo\/\" aria-label=\"BROSE Foundation Stone Ceremony for a\u00a0 factory complex in Pan\u010devo\"><\/a>\n\t<\/div>\n<\/div>\n<\/div>\n<\/li>\n\t\t\t\n\t\t\t\n\t\t\t\t\t\t\t\t\t\t\t\t\t\t\t\t\t\t\t\t\t\t\t\t\t\t\t\t\t\t\t\t\t\t\t\t\t\t\t\t\t\t\t\t\t\t\t\t\t\t\t\t\t\t\t\t\t\t\t\t\t\t\t\t\t\t\t\t<\/ul>\n\t<\/div>\n\t<div class=\"fusion-post-content post-content\"><h2 class=\"blog-shortcode-post-title entry-title\"><a href=\"https:\/\/www.pancevo.rs\/en\/news\/brose-foundation-stone-ceremony-for-a-factory-complex-in-pancevo\/\">BROSE Foundation Stone Ceremony for a\u00a0 factory complex in Pan\u010devo<\/a><\/h2><div class=\"fusion-post-content-container\"><p>On March 6, 2020, Brose had a Foundation Stone Ceremony marking the beginning of the construction of the company\u2019s manufacturing complex in Pan\u010devo, Serbia. \u201cBrose Group supplies the automotive indust<\/p><\/div><\/div><div class=\"fusion-clearfix\"><\/div><\/article>\n<article id=\"blog-1-post-79361\" class=\"fusion-post-medium-alternate post-79361 post type-post status-publish format-standard has-post-thumbnail hentry category-news\">\n<div class=\"fusion-date-and-formats\"><div class=\"fusion-date-box updated\"><span class=\"fusion-date\">24<\/span><span class=\"fusion-month-year\">12, 2019<\/span><\/div><div class=\"fusion-format-box\"><i class=\"awb-icon-pen\" aria-hidden=\"true\"><\/i><\/div><\/div>\t<style type=\"text\/css\">\n\t\t\n\t\t\n\t\t\n\t\t\n\t\t\t<\/style>\n\n\n\t\t\t<div class=\"fusion-flexslider flexslider fusion-flexslider-loading fusion-post-slideshow\" style=\"\">\n\t\t<ul class=\"slides\">\n\t\t\t\n\t\t\t\t\t\t\t\t\t\t\t\t\t\t<li><div  class=\"fusion-image-wrapper fusion-image-size-fixed\" aria-haspopup=\"true\">\n\t\t\t\t<img decoding=\"async\" width=\"320\" height=\"202\" src=\"https:\/\/www.pancevo.rs\/sadrzaj\/uploads\/2019\/12\/0a-premijerka-s-djacima-320x202.jpg\" class=\"attachment-blog-medium size-blog-medium wp-post-image\" alt=\"\u041f\u043e\u0441\u0435\u0442\u0430 \u041f\u0440\u0435\u043c\u0438\u0458\u0435\u0440\u043a\u0435 \u0410\u043d\u0435 \u0411\u0440\u043d\u0430\u0431\u0438\u045b \u0421\u0440\u0435\u0434\u045a\u043e\u0458 \u043c\u0430\u0448\u0438\u043d\u0441\u043a\u043e\u0458 \u0448\u043a\u043e\u043b\u0438 &quot;\u041f\u0430\u043d\u0447\u0435\u0432\u043e&quot;\" srcset=\"https:\/\/www.pancevo.rs\/sadrzaj\/uploads\/2019\/12\/0a-premijerka-s-djacima-320x202.jpg 320w, https:\/\/www.pancevo.rs\/sadrzaj\/uploads\/2019\/12\/0a-premijerka-s-djacima-700x441.jpg 700w\" sizes=\"(max-width: 320px) 100vw, 320px\" \/><div class=\"fusion-rollover\">\n\t<div class=\"fusion-rollover-content\">\n\n\t\t\t\t\t\t\t\t\t\t\t\t\t\t<a class=\"fusion-rollover-link\" href=\"https:\/\/www.pancevo.rs\/en\/news\/prime-minister-ana-brnabic-visited-mechanical-school-in-pancevo\/\">Prime Minister Ana Brnabi\u0107 visited Mechanical School in Pan\u010devo<\/a>\n\t\t\t\n\t\t\t\t\t\t\t\t\n\t\t\n\t\t\t\t\t\t\t\t\t\t\t\t<h4 class=\"fusion-rollover-title\">\n\t\t\t\t\t<a class=\"fusion-rollover-title-link\" href=\"https:\/\/www.pancevo.rs\/en\/news\/prime-minister-ana-brnabic-visited-mechanical-school-in-pancevo\/\">\n\t\t\t\t\t\tPrime Minister Ana Brnabi\u0107 visited Mechanical School in Pan\u010devo\t\t\t\t\t<\/a>\n\t\t\t\t<\/h4>\n\t\t\t\n\t\t\t\t\t\t\t\t\n\t\t\n\t\t\t\t\t\t<a class=\"fusion-link-wrapper\" href=\"https:\/\/www.pancevo.rs\/en\/news\/prime-minister-ana-brnabic-visited-mechanical-school-in-pancevo\/\" aria-label=\"Prime Minister Ana Brnabi\u0107 visited Mechanical School in Pan\u010devo\"><\/a>\n\t<\/div>\n<\/div>\n<\/div>\n<\/li>\n\t\t\t\n\t\t\t\n\t\t\t\t\t\t\t\t\t\t\t\t\t\t\t\t\t\t\t\t\t\t\t\t\t\t\t\t\t\t\t\t\t\t\t\t\t\t\t\t\t\t\t\t\t\t\t\t\t\t\t\t\t\t\t\t\t\t\t\t\t\t\t\t\t\t\t\t<\/ul>\n\t<\/div>\n\t<div class=\"fusion-post-content post-content\"><h2 class=\"blog-shortcode-post-title entry-title\"><a href=\"https:\/\/www.pancevo.rs\/en\/news\/prime-minister-ana-brnabic-visited-mechanical-school-in-pancevo\/\">Prime Minister Ana Brnabi\u0107 visited Mechanical School in Pan\u010devo<\/a><\/h2><div class=\"fusion-post-content-container\"><p>Prime Minister of the Republic of Serbia Ana Brnabi\u0107 visited Mechanical School \u201cPan\u010devo\u201d as one of the first Serbian schools that successfully introduced dual education programmes. After a tour of the<\/p><\/div><\/div><div class=\"fusion-clearfix\"><\/div><\/article>\n<article id=\"blog-1-post-79359\" class=\"fusion-post-medium-alternate post-79359 post type-post status-publish format-standard has-post-thumbnail hentry category-news\">\n<div class=\"fusion-date-and-formats\"><div class=\"fusion-date-box updated\"><span class=\"fusion-date\">16<\/span><span class=\"fusion-month-year\">12, 2019<\/span><\/div><div class=\"fusion-format-box\"><i class=\"awb-icon-pen\" aria-hidden=\"true\"><\/i><\/div><\/div>\t<style type=\"text\/css\">\n\t\t\n\t\t\n\t\t\n\t\t\n\t\t\t<\/style>\n\n\n\t\t\t<div class=\"fusion-flexslider flexslider fusion-flexslider-loading fusion-post-slideshow\" style=\"\">\n\t\t<ul class=\"slides\">\n\t\t\t\n\t\t\t\t\t\t\t\t\t\t\t\t\t\t<li><div  class=\"fusion-image-wrapper fusion-image-size-fixed\" aria-haspopup=\"true\">\n\t\t\t\t<img decoding=\"async\" width=\"320\" height=\"202\" src=\"https:\/\/www.pancevo.rs\/sadrzaj\/uploads\/2019\/12\/DJT9677-Gazprom-Serbia-2019-320x202.jpg\" class=\"attachment-blog-medium size-blog-medium wp-post-image\" alt=\"\u0417\u0430\u0432\u0440\u0448\u0435\u0442a\u043a \u0438\u0441\u043f\u043e\u0440\u0443\u043a\u0435 \u0433\u043b\u0430\u0432\u043d\u0435 \u043e\u043f\u0440\u0435\u043c\u0435 \u0422\u0435\u0440\u043c\u043e\u0435\u043b\u0435\u043a\u0442\u0440\u0430\u043d\u0435-\u0442\u043e\u043f\u043b\u0430\u043d\u0435 \u041f\u0430\u043d\u0447\u0435\u0432\u043e\" srcset=\"https:\/\/www.pancevo.rs\/sadrzaj\/uploads\/2019\/12\/DJT9677-Gazprom-Serbia-2019-320x202.jpg 320w, https:\/\/www.pancevo.rs\/sadrzaj\/uploads\/2019\/12\/DJT9677-Gazprom-Serbia-2019-700x441.jpg 700w\" sizes=\"(max-width: 320px) 100vw, 320px\" \/><div class=\"fusion-rollover\">\n\t<div class=\"fusion-rollover-content\">\n\n\t\t\t\t\t\t\t\t\t\t\t\t\t\t<a class=\"fusion-rollover-link\" href=\"https:\/\/www.pancevo.rs\/en\/news\/key-equipment-delivered-in-the-pancevo-thermal-power-plant\/\">Key equipment delivered in the Pan\u010devo Thermal Power Plant<\/a>\n\t\t\t\n\t\t\t\t\t\t\t\t\n\t\t\n\t\t\t\t\t\t\t\t\t\t\t\t<h4 class=\"fusion-rollover-title\">\n\t\t\t\t\t<a class=\"fusion-rollover-title-link\" href=\"https:\/\/www.pancevo.rs\/en\/news\/key-equipment-delivered-in-the-pancevo-thermal-power-plant\/\">\n\t\t\t\t\t\tKey equipment delivered in the Pan\u010devo Thermal Power Plant\t\t\t\t\t<\/a>\n\t\t\t\t<\/h4>\n\t\t\t\n\t\t\t\t\t\t\t\t\n\t\t\n\t\t\t\t\t\t<a class=\"fusion-link-wrapper\" href=\"https:\/\/www.pancevo.rs\/en\/news\/key-equipment-delivered-in-the-pancevo-thermal-power-plant\/\" aria-label=\"Key equipment delivered in the Pan\u010devo Thermal Power Plant\"><\/a>\n\t<\/div>\n<\/div>\n<\/div>\n<\/li>\n\t\t\t\n\t\t\t\n\t\t\t\t\t\t\t\t\t\t\t\t\t\t\t\t\t\t\t\t\t\t\t\t\t\t\t\t\t\t\t\t\t\t\t\t\t\t\t\t\t\t\t\t\t\t\t\t\t\t\t\t\t\t\t\t\t\t\t\t\t\t\t\t\t\t\t\t<\/ul>\n\t<\/div>\n\t<div class=\"fusion-post-content post-content\"><h2 class=\"blog-shortcode-post-title entry-title\"><a href=\"https:\/\/www.pancevo.rs\/en\/news\/key-equipment-delivered-in-the-pancevo-thermal-power-plant\/\">Key equipment delivered in the Pan\u010devo Thermal Power Plant<\/a><\/h2><div class=\"fusion-post-content-container\"><p>On Thursday, December 12, 2019, a steam turbine generator was fitted on the foundations at the Thermal Power Plant in Pan\u010devo. The event was attended by state secretary with the Ministry for Mining an<\/p><\/div><\/div><div class=\"fusion-clearfix\"><\/div><\/article>\n<article id=\"blog-1-post-77559\" class=\"fusion-post-medium-alternate post-77559 post type-post status-publish format-standard has-post-thumbnail hentry category-news\">\n<div class=\"fusion-date-and-formats\"><div class=\"fusion-date-box updated\"><span class=\"fusion-date\">20<\/span><span class=\"fusion-month-year\">11, 2019<\/span><\/div><div class=\"fusion-format-box\"><i class=\"awb-icon-pen\" aria-hidden=\"true\"><\/i><\/div><\/div>\t<style type=\"text\/css\">\n\t\t\n\t\t\n\t\t\n\t\t\n\t\t\t<\/style>\n\n\n\t\t\t<div class=\"fusion-flexslider flexslider fusion-flexslider-loading fusion-post-slideshow\" style=\"\">\n\t\t<ul class=\"slides\">\n\t\t\t\n\t\t\t\t\t\t\t\t\t\t\t\t\t\t<li><div  class=\"fusion-image-wrapper fusion-image-size-fixed\" aria-haspopup=\"true\">\n\t\t\t\t<img decoding=\"async\" width=\"320\" height=\"202\" src=\"https:\/\/www.pancevo.rs\/sadrzaj\/uploads\/2019\/12\/slika-320x202.jpg\" class=\"attachment-blog-medium size-blog-medium wp-post-image\" alt=\"\" srcset=\"https:\/\/www.pancevo.rs\/sadrzaj\/uploads\/2019\/12\/slika-320x202.jpg 320w, https:\/\/www.pancevo.rs\/sadrzaj\/uploads\/2019\/12\/slika-700x441.jpg 700w\" sizes=\"(max-width: 320px) 100vw, 320px\" \/><div class=\"fusion-rollover\">\n\t<div class=\"fusion-rollover-content\">\n\n\t\t\t\t\t\t\t\t\t\t\t\t\t\t<a class=\"fusion-rollover-link\" href=\"https:\/\/www.pancevo.rs\/en\/news\/contract-with-german-company-brose-signed-in-pancevo\/\">Contract with German company &#8220;Brose&#8221; signed in Pancevo<\/a>\n\t\t\t\n\t\t\t\t\t\t\t\t\n\t\t\n\t\t\t\t\t\t\t\t\t\t\t\t<h4 class=\"fusion-rollover-title\">\n\t\t\t\t\t<a class=\"fusion-rollover-title-link\" href=\"https:\/\/www.pancevo.rs\/en\/news\/contract-with-german-company-brose-signed-in-pancevo\/\">\n\t\t\t\t\t\tContract with German company &#8220;Brose&#8221; signed in Pancevo\t\t\t\t\t<\/a>\n\t\t\t\t<\/h4>\n\t\t\t\n\t\t\t\t\t\t\t\t\n\t\t\n\t\t\t\t\t\t<a class=\"fusion-link-wrapper\" href=\"https:\/\/www.pancevo.rs\/en\/news\/contract-with-german-company-brose-signed-in-pancevo\/\" aria-label=\"Contract with German company &#8220;Brose&#8221; signed in Pancevo\"><\/a>\n\t<\/div>\n<\/div>\n<\/div>\n<\/li>\n\t\t\t\n\t\t\t\n\t\t\t\t\t\t\t\t\t\t\t\t\t\t\t\t\t\t\t\t\t\t\t\t\t\t\t\t\t\t\t\t\t\t\t\t\t\t\t\t\t\t\t\t\t\t\t\t\t\t\t\t\t\t\t\t\t\t\t\t\t\t\t\t\t\t\t\t<\/ul>\n\t<\/div>\n\t<div class=\"fusion-post-content post-content\"><h2 class=\"blog-shortcode-post-title entry-title\"><a href=\"https:\/\/www.pancevo.rs\/en\/news\/contract-with-german-company-brose-signed-in-pancevo\/\">Contract with German company &#8220;Brose&#8221; signed in Pancevo<\/a><\/h2><div class=\"fusion-post-content-container\"><p>On Friday, November 15, 2019, a Contract was signed for alienation of construction land in public ownership of the Republic of Serbia, between the Republic Property Directorate and German company BROS<\/p><\/div><\/div><div class=\"fusion-clearfix\"><\/div><\/article>\n<\/div><div class=\"pagination clearfix\"><span class=\"current\">1<\/span><a href=\"https:\/\/www.pancevo.rs\/en\/wp-json\/wp\/v2\/pages\/27176\/page\/2\/\" class=\"inactive\">2<\/a><a class=\"pagination-next\" rel=\"next\" href=\"https:\/\/www.pancevo.rs\/en\/wp-json\/wp\/v2\/pages\/27176\/page\/2\/\"><span class=\"page-text\">Next<\/span><span class=\"page-next\"><\/span><\/a><\/div><div class=\"fusion-clearfix\"><\/div><\/div>\n<p style=\"text-align: left;\"><div class=\"fusion-clearfix\"><\/div><\/div><\/div>\n<p style=\"text-align: left;\"><div class=\"fusion-layout-column fusion_builder_column fusion-builder-column-1 fusion_builder_column_1_4 1_4 fusion-one-fourth fusion-column-last\" style=\"--awb-bg-size:cover;width:25%;width:calc(25% - ( ( 4% ) * 0.25 ) );\"><div class=\"fusion-column-wrapper fusion-flex-column-wrapper-legacy\">\n<p style=\"text-align: center;\"><a href=\"http:\/\/www.pancevo.rs\/sadrzaj\/uploads\/2019\/09\/Investment-potentials-of-the-City-of-Pancevo_2019_compressed.pdf\"><img decoding=\"async\" class=\"aligncenter wp-image-45198 size-full\" src=\"http:\/\/www.pancevo.rs\/sadrzaj\/uploads\/2014\/07\/PA-BANER.jpg\" alt=\"pa-baner\" width=\"210\" height=\"192\" srcset=\"https:\/\/www.pancevo.rs\/sadrzaj\/uploads\/2014\/07\/PA-BANER-200x183.jpg 200w, https:\/\/www.pancevo.rs\/sadrzaj\/uploads\/2014\/07\/PA-BANER.jpg 210w\" sizes=\"(max-width: 210px) 100vw, 210px\" \/><\/a><\/p>\n<p><a href=\"http:\/\/www.pancevo.rs\/sadrzaj\/uploads\/2023\/05\/Prezentacija_maj-2023-1.pdf\"><img decoding=\"async\" class=\"aligncenter wp-image-45195 size-medium\" src=\"http:\/\/www.pancevo.rs\/sadrzaj\/uploads\/2014\/07\/Screenshot-300x227.png\" alt=\"Invest in Pancevo\" width=\"300\" height=\"227\" srcset=\"https:\/\/www.pancevo.rs\/sadrzaj\/uploads\/2014\/07\/Screenshot-200x151.png 200w, https:\/\/www.pancevo.rs\/sadrzaj\/uploads\/2014\/07\/Screenshot-300x227.png 300w, https:\/\/www.pancevo.rs\/sadrzaj\/uploads\/2014\/07\/Screenshot-400x302.png 400w, https:\/\/www.pancevo.rs\/sadrzaj\/uploads\/2014\/07\/Screenshot-600x454.png 600w, https:\/\/www.pancevo.rs\/sadrzaj\/uploads\/2014\/07\/Screenshot-768x581.png 768w, https:\/\/www.pancevo.rs\/sadrzaj\/uploads\/2014\/07\/Screenshot-800x605.png 800w, https:\/\/www.pancevo.rs\/sadrzaj\/uploads\/2014\/07\/Screenshot.png 840w\" sizes=\"(max-width: 300px) 100vw, 300px\" \/><\/a><\/p>\n<p style=\"text-align: left;\"><a href=\"http:\/\/ras.gov.rs\/invest-in-serbia\/why-serbia\/financial-benefits-and-incentives\" target=\"_blank\" rel=\"noopener noreferrer\"><img decoding=\"async\" class=\"size-medium wp-image-31047 aligncenter\" src=\"http:\/\/www.pancevo.rs\/sadrzaj\/uploads\/2014\/07\/logo-ras-300x83.jpg\" alt=\"logo-ras\" width=\"300\" height=\"83\" srcset=\"https:\/\/www.pancevo.rs\/sadrzaj\/uploads\/2014\/07\/logo-ras-300x83.jpg 300w, https:\/\/www.pancevo.rs\/sadrzaj\/uploads\/2014\/07\/logo-ras.jpg 578w\" sizes=\"(max-width: 300px) 100vw, 300px\" \/><\/a><\/p>\n<p style=\"text-align: center;\"><a href=\"http:\/\/bfc-see.org\/\"><img decoding=\"async\" class=\"aligncenter wp-image-29631 size-medium\" src=\"http:\/\/www.pancevo.rs\/sadrzaj\/uploads\/2014\/07\/BFC-SEE-logo-300x136.png\" alt=\"BFC SEE logo\" width=\"300\" height=\"136\" \/><\/a><\/p>\n<p style=\"text-align: center;\"><a href=\"http:\/\/www.pancevo.rs\/en\/energy-efficiency-romania-serbia\/\" target=\"_blank\" rel=\"noopener noreferrer\"><img decoding=\"async\" class=\"aligncenter wp-image-42982 size-medium\" src=\"http:\/\/www.pancevo.rs\/sadrzaj\/uploads\/2014\/07\/Untitled-2-300x213.png\" alt=\"serbia romania\" width=\"300\" height=\"213\" srcset=\"https:\/\/www.pancevo.rs\/sadrzaj\/uploads\/2014\/07\/Untitled-2-200x142.png 200w, https:\/\/www.pancevo.rs\/sadrzaj\/uploads\/2014\/07\/Untitled-2-300x214.png 300w, https:\/\/www.pancevo.rs\/sadrzaj\/uploads\/2014\/07\/Untitled-2-400x284.png 400w, https:\/\/www.pancevo.rs\/sadrzaj\/uploads\/2014\/07\/Untitled-2.png 566w\" sizes=\"(max-width: 300px) 100vw, 300px\" \/><\/a><\/p>\n<p style=\"text-align: center;\"><a href=\"http:\/\/www.pancevo.rs\/en\/energy-efficiency-romania-serbia\/\" target=\"_blank\" rel=\"noopener noreferrer\"><img decoding=\"async\" class=\"size-medium wp-image-31084 aligncenter\" src=\"http:\/\/www.pancevo.rs\/sadrzaj\/uploads\/2014\/07\/cebheaee-233x300.png\" alt=\"CITY OF PAN\u010cEVO DEVELOPMENT STRATEGY 2014-2020\" width=\"233\" height=\"300\" srcset=\"https:\/\/www.pancevo.rs\/sadrzaj\/uploads\/2014\/07\/cebheaee-233x300.png 233w, https:\/\/www.pancevo.rs\/sadrzaj\/uploads\/2014\/07\/cebheaee.png 698w\" sizes=\"(max-width: 233px) 100vw, 233px\" \/><\/a><a href=\"http:\/\/www.pancevo.rs\/sadrzaj\/uploads\/2014\/07\/City-of-Pancevo-Development-Strategy.pdf\" rel=\"\">City of Pancevo<br \/>\nDevelopment Strategy<br \/>\n2014-2020<\/a><\/p>\n<p style=\"text-align: left;\"><div class=\"fusion-clearfix\"><\/div><\/div><\/div>\n<\/div><\/div><\/p>\n","protected":false},"excerpt":{"rendered":"","protected":false},"author":12,"featured_media":0,"parent":0,"menu_order":0,"comment_status":"closed","ping_status":"closed","template":"100-width.php","meta":{"_cbd_carousel_blocks":"[]","footnotes":""},"class_list":["post-27176","page","type-page","status-publish","hentry"],"yoast_head":"<!-- This site is optimized with the Yoast SEO plugin v26.4 - https:\/\/yoast.com\/wordpress\/plugins\/seo\/ -->\n<title>About Pancevo - City of Pancevo<\/title>\n<meta name=\"robots\" content=\"index, follow, max-snippet:-1, max-image-preview:large, max-video-preview:-1\" \/>\n<link rel=\"canonical\" href=\"https:\/\/www.pancevo.rs\/en\/\" \/>\n<meta property=\"og:locale\" content=\"en_US\" \/>\n<meta property=\"og:type\" content=\"article\" \/>\n<meta property=\"og:title\" content=\"About Pancevo - City of Pancevo\" \/>\n<meta property=\"og:url\" content=\"https:\/\/www.pancevo.rs\/en\/\" \/>\n<meta property=\"og:site_name\" content=\"\u0413\u0440\u0430\u0434 \u041f\u0430\u043d\u0447\u0435\u0432\u043e\" \/>\n<meta property=\"article:modified_time\" content=\"2023-05-15T09:29:12+00:00\" \/>\n<meta property=\"og:image\" content=\"http:\/\/www.pancevo.rs\/sadrzaj\/uploads\/2014\/07\/PA-BANER.jpg\" \/>\n<meta name=\"twitter:card\" content=\"summary_large_image\" \/>\n<meta name=\"twitter:label1\" content=\"Est. reading time\" \/>\n\t<meta name=\"twitter:data1\" content=\"3 minutes\" \/>\n<script type=\"application\/ld+json\" class=\"yoast-schema-graph\">{\"@context\":\"https:\/\/schema.org\",\"@graph\":[{\"@type\":\"WebPage\",\"@id\":\"https:\/\/www.pancevo.rs\/en\/\",\"url\":\"https:\/\/www.pancevo.rs\/en\/\",\"name\":\"About Pancevo - City of Pancevo\",\"isPartOf\":{\"@id\":\"https:\/\/www.pancevo.rs\/bg\/#website\"},\"primaryImageOfPage\":{\"@id\":\"https:\/\/www.pancevo.rs\/en\/#primaryimage\"},\"image\":{\"@id\":\"https:\/\/www.pancevo.rs\/en\/#primaryimage\"},\"thumbnailUrl\":\"http:\/\/www.pancevo.rs\/sadrzaj\/uploads\/2014\/07\/PA-BANER.jpg\",\"datePublished\":\"2014-07-17T09:14:33+00:00\",\"dateModified\":\"2023-05-15T09:29:12+00:00\",\"breadcrumb\":{\"@id\":\"https:\/\/www.pancevo.rs\/en\/#breadcrumb\"},\"inLanguage\":\"en-US\",\"potentialAction\":[{\"@type\":\"ReadAction\",\"target\":[\"https:\/\/www.pancevo.rs\/en\/\"]}]},{\"@type\":\"ImageObject\",\"inLanguage\":\"en-US\",\"@id\":\"https:\/\/www.pancevo.rs\/en\/#primaryimage\",\"url\":\"http:\/\/www.pancevo.rs\/sadrzaj\/uploads\/2014\/07\/PA-BANER.jpg\",\"contentUrl\":\"http:\/\/www.pancevo.rs\/sadrzaj\/uploads\/2014\/07\/PA-BANER.jpg\"},{\"@type\":\"BreadcrumbList\",\"@id\":\"https:\/\/www.pancevo.rs\/en\/#breadcrumb\",\"itemListElement\":[{\"@type\":\"ListItem\",\"position\":1,\"name\":\"Home\",\"item\":\"https:\/\/www.pancevo.rs\/en\/\"},{\"@type\":\"ListItem\",\"position\":2,\"name\":\"About Pancevo\"}]},{\"@type\":\"WebSite\",\"@id\":\"https:\/\/www.pancevo.rs\/bg\/#website\",\"url\":\"https:\/\/www.pancevo.rs\/bg\/\",\"name\":\"\u0413\u0440\u0430\u0434 \u041f\u0430\u043d\u0447\u0435\u0432\u043e\",\"description\":\"\u0417\u0432\u0430\u043d\u0438\u0447\u043d\u0430 \u043f\u0440\u0435\u0437\u0435\u043d\u0442\u0430\u0446\u0438\u0458\u0430 \u0413\u0440\u0430\u0434\u0430 \u041f\u0430\u043d\u0447\u0435\u0432\u0430\",\"potentialAction\":[{\"@type\":\"SearchAction\",\"target\":{\"@type\":\"EntryPoint\",\"urlTemplate\":\"https:\/\/www.pancevo.rs\/bg\/?s={search_term_string}\"},\"query-input\":{\"@type\":\"PropertyValueSpecification\",\"valueRequired\":true,\"valueName\":\"search_term_string\"}}],\"inLanguage\":\"en-US\"}]}<\/script>\n<!-- \/ Yoast SEO plugin. -->","yoast_head_json":{"title":"About Pancevo - City of Pancevo","robots":{"index":"index","follow":"follow","max-snippet":"max-snippet:-1","max-image-preview":"max-image-preview:large","max-video-preview":"max-video-preview:-1"},"canonical":"https:\/\/www.pancevo.rs\/en\/","og_locale":"en_US","og_type":"article","og_title":"About Pancevo - City of Pancevo","og_url":"https:\/\/www.pancevo.rs\/en\/","og_site_name":"\u0413\u0440\u0430\u0434 \u041f\u0430\u043d\u0447\u0435\u0432\u043e","article_modified_time":"2023-05-15T09:29:12+00:00","og_image":[{"url":"http:\/\/www.pancevo.rs\/sadrzaj\/uploads\/2014\/07\/PA-BANER.jpg","type":"","width":"","height":""}],"twitter_card":"summary_large_image","twitter_misc":{"Est. reading time":"3 minutes"},"schema":{"@context":"https:\/\/schema.org","@graph":[{"@type":"WebPage","@id":"https:\/\/www.pancevo.rs\/en\/","url":"https:\/\/www.pancevo.rs\/en\/","name":"About Pancevo - City of Pancevo","isPartOf":{"@id":"https:\/\/www.pancevo.rs\/bg\/#website"},"primaryImageOfPage":{"@id":"https:\/\/www.pancevo.rs\/en\/#primaryimage"},"image":{"@id":"https:\/\/www.pancevo.rs\/en\/#primaryimage"},"thumbnailUrl":"http:\/\/www.pancevo.rs\/sadrzaj\/uploads\/2014\/07\/PA-BANER.jpg","datePublished":"2014-07-17T09:14:33+00:00","dateModified":"2023-05-15T09:29:12+00:00","breadcrumb":{"@id":"https:\/\/www.pancevo.rs\/en\/#breadcrumb"},"inLanguage":"en-US","potentialAction":[{"@type":"ReadAction","target":["https:\/\/www.pancevo.rs\/en\/"]}]},{"@type":"ImageObject","inLanguage":"en-US","@id":"https:\/\/www.pancevo.rs\/en\/#primaryimage","url":"http:\/\/www.pancevo.rs\/sadrzaj\/uploads\/2014\/07\/PA-BANER.jpg","contentUrl":"http:\/\/www.pancevo.rs\/sadrzaj\/uploads\/2014\/07\/PA-BANER.jpg"},{"@type":"BreadcrumbList","@id":"https:\/\/www.pancevo.rs\/en\/#breadcrumb","itemListElement":[{"@type":"ListItem","position":1,"name":"Home","item":"https:\/\/www.pancevo.rs\/en\/"},{"@type":"ListItem","position":2,"name":"About Pancevo"}]},{"@type":"WebSite","@id":"https:\/\/www.pancevo.rs\/bg\/#website","url":"https:\/\/www.pancevo.rs\/bg\/","name":"\u0413\u0440\u0430\u0434 \u041f\u0430\u043d\u0447\u0435\u0432\u043e","description":"\u0417\u0432\u0430\u043d\u0438\u0447\u043d\u0430 \u043f\u0440\u0435\u0437\u0435\u043d\u0442\u0430\u0446\u0438\u0458\u0430 \u0413\u0440\u0430\u0434\u0430 \u041f\u0430\u043d\u0447\u0435\u0432\u0430","potentialAction":[{"@type":"SearchAction","target":{"@type":"EntryPoint","urlTemplate":"https:\/\/www.pancevo.rs\/bg\/?s={search_term_string}"},"query-input":{"@type":"PropertyValueSpecification","valueRequired":true,"valueName":"search_term_string"}}],"inLanguage":"en-US"}]}},"_links":{"self":[{"href":"https:\/\/www.pancevo.rs\/en\/wp-json\/wp\/v2\/pages\/27176\/"}],"collection":[{"href":"https:\/\/www.pancevo.rs\/en\/wp-json\/wp\/v2\/pages\/"}],"about":[{"href":"https:\/\/www.pancevo.rs\/en\/wp-json\/wp\/v2\/types\/page\/"}],"author":[{"embeddable":true,"href":"https:\/\/www.pancevo.rs\/en\/wp-json\/wp\/v2\/users\/12\/"}],"replies":[{"embeddable":true,"href":"https:\/\/www.pancevo.rs\/en\/wp-json\/wp\/v2\/comments\/?post=27176"}],"version-history":[{"count":11,"href":"https:\/\/www.pancevo.rs\/en\/wp-json\/wp\/v2\/pages\/27176\/revisions\/"}],"predecessor-version":[{"id":125353,"href":"https:\/\/www.pancevo.rs\/en\/wp-json\/wp\/v2\/pages\/27176\/revisions\/125353\/"}],"wp:attachment":[{"href":"https:\/\/www.pancevo.rs\/en\/wp-json\/wp\/v2\/media\/?parent=27176"}],"curies":[{"name":"wp","href":"https:\/\/api.w.org\/{rel}","templated":true}]}}